{"id":13463,"date":"2023-03-05T00:18:25","date_gmt":"2023-03-04T23:18:25","guid":{"rendered":"https:\/\/new.claireambiance.com\/?post_type=product&#038;p=13463"},"modified":"2023-04-05T11:09:36","modified_gmt":"2023-04-05T09:09:36","slug":"salon-vento-teck","status":"publish","type":"product","link":"https:\/\/claireambiance.com\/en\/product\/salon-vento-teck\/","title":{"rendered":"SALON VENTO TECK"},"content":{"rendered":"","protected":false},"excerpt":{"rendered":"<p>Collection de canap\u00e9s aux dimensions larges pouvant convenir \u00e0 tous les membres de la famille. La forme \u00e9l\u00e9gante avec son dossier rond dirig\u00e9 vers le bas. La l\u00e9g\u00e8re courbure ajoute une touche gracieuse \u00e0 la construction. Ce teck dor\u00e9 se fondra \u00e0 merveille dans votre espace ext\u00e9rieur contemporain. id\u00e9al \u00e0 marier avec les<a href=\"https:\/\/new.claireambiance.com\/produit\/table-basse-duo-teck\/\"> tables basses DUO en teck<\/a><\/p>\n","protected":false},"featured_media":13606,"template":"","meta":{"_acf_changed":false,"_et_pb_use_builder":"","_et_pb_old_content":"","_et_gb_content_width":"","_monsterinsights_skip_tracking":false,"_monsterinsights_sitenote_active":false,"_monsterinsights_sitenote_note":"","_monsterinsights_sitenote_category":0},"product_brand":[],"product_cat":[231,228,236],"product_tag":[351],"class_list":{"0":"post-13463","1":"product","2":"type-product","3":"status-publish","4":"has-post-thumbnail","6":"product_cat-gold","7":"product_cat-outdoor-loungeset","8":"product_cat-essentials","9":"product_tag-claire-ambiance-en","11":"first","12":"instock","13":"shipping-taxable","14":"purchasable","15":"product-type-variable"},"acf":[],"aioseo_notices":[],"_links":{"self":[{"href":"https:\/\/claireambiance.com\/en\/wp-json\/wp\/v2\/product\/13463","targetHints":{"allow":["GET"]}}],"collection":[{"href":"https:\/\/claireambiance.com\/en\/wp-json\/wp\/v2\/product"}],"about":[{"href":"https:\/\/claireambiance.com\/en\/wp-json\/wp\/v2\/types\/product"}],"wp:featuredmedia":[{"embeddable":true,"href":"https:\/\/claireambiance.com\/en\/wp-json\/wp\/v2\/media\/13606"}],"wp:attachment":[{"href":"https:\/\/claireambiance.com\/en\/wp-json\/wp\/v2\/media?parent=13463"}],"wp:term":[{"taxonomy":"product_brand","embeddable":true,"href":"https:\/\/claireambiance.com\/en\/wp-json\/wp\/v2\/product_brand?post=13463"},{"taxonomy":"product_cat","embeddable":true,"href":"https:\/\/claireambiance.com\/en\/wp-json\/wp\/v2\/product_cat?post=13463"},{"taxonomy":"product_tag","embeddable":true,"href":"https:\/\/claireambiance.com\/en\/wp-json\/wp\/v2\/product_tag?post=13463"}],"curies":[{"name":"wp","href":"https:\/\/api.w.org\/{rel}","templated":true}]}}